{"id":3865,"date":"2016-01-28T17:02:10","date_gmt":"2016-01-28T16:02:10","guid":{"rendered":"http:\/\/www.iecd.org\/iecd\/en\/nous-connaitre\/nos-equipes\/liecd-en-france\/lequipe-a-paris\/xavier-boutin-directeur-general\/"},"modified":"2019-11-08T12:50:19","modified_gmt":"2019-11-08T11:50:19","slug":"xavier-boutin-directeur-general","status":"publish","type":"page","link":"https:\/\/www.iecd.org\/en\/team-in-france\/xavier-boutin-directeur-general\/","title":{"rendered":"Xavier Boutin &#8211; Founding Director"},"content":{"rendered":"<div id='av-layout-grid-1'  class='av-layout-grid-container av-av_layout_row-caf1f26e08707a2ebe9176b630e736c2 entry-content-wrapper main_color av-flex-cells  avia-builder-el-0  el_before_av_one_third  avia-builder-el-first   container_wrap fullsize'  >\n\n<style type=\"text\/css\" data-created_by=\"avia_inline_auto\" id=\"style-css-av-av_cell_one_third-5227a743201b625eadc00b27db60eab9\">\n.flex_cell.av-av_cell_one_third-5227a743201b625eadc00b27db60eab9{\nvertical-align:top;\n}\n.responsive #top #wrap_all .flex_cell.av-av_cell_one_third-5227a743201b625eadc00b27db60eab9{\npadding:30px 30px 30px 30px !important;\n}\n<\/style>\n<div class='flex_cell av-av_cell_one_third-5227a743201b625eadc00b27db60eab9 av-gridrow-cell av_one_third no_margin  avia-builder-el-1  el_before_av_cell_two_third  avia-builder-el-first  content-align-top'  ><div class='flex_cell_inner'>\n<style type=\"text\/css\" data-created_by=\"avia_inline_auto\" id=\"style-css-av-av_image-9bb78087283eb13f7c5a937d056e6d73\">\n.avia-image-container.av-av_image-9bb78087283eb13f7c5a937d056e6d73 img.avia_image{\nbox-shadow:none;\n}\n.avia-image-container.av-av_image-9bb78087283eb13f7c5a937d056e6d73 .av-image-caption-overlay-center{\ncolor:#ffffff;\n}\n<\/style>\n<div  class='avia-image-container av-av_image-9bb78087283eb13f7c5a937d056e6d73 av-styling-circle avia-align-center  avia-builder-el-2  avia-builder-el-no-sibling '   itemprop=\"image\" itemscope=\"itemscope\" itemtype=\"https:\/\/schema.org\/ImageObject\" ><div class=\"avia-image-container-inner\"><div class=\"avia-image-overlay-wrap\"><img decoding=\"async\" fetchpriority=\"high\" class='wp-image-18089 avia-img-lazy-loading-not-18089 avia_image ' src=\"https:\/\/www.iecd.org\/iecd2\/wp-content\/uploads\/2016\/01\/Xavier-Boutin-3-386x400.jpg\" alt='' title='Xavier Boutin'  height=\"400\" width=\"386\"  itemprop=\"thumbnailUrl\" srcset=\"https:\/\/www.iecd.org\/iecd2\/wp-content\/uploads\/2016\/01\/Xavier-Boutin-3-386x400.jpg 386w, https:\/\/www.iecd.org\/iecd2\/wp-content\/uploads\/2016\/01\/Xavier-Boutin-3-36x36.jpg 36w, https:\/\/www.iecd.org\/iecd2\/wp-content\/uploads\/2016\/01\/Xavier-Boutin-3.jpg 593w\" sizes=\"(max-width: 386px) 100vw, 386px\" \/><\/div><\/div><\/div>\n<\/div><\/div>\n<style type=\"text\/css\" data-created_by=\"avia_inline_auto\" id=\"style-css-av-av_cell_two_third-5227a743201b625eadc00b27db60eab9\">\n.flex_cell.av-av_cell_two_third-5227a743201b625eadc00b27db60eab9{\nvertical-align:top;\n}\n.responsive #top #wrap_all .flex_cell.av-av_cell_two_third-5227a743201b625eadc00b27db60eab9{\npadding:30px 30px 30px 30px !important;\n}\n<\/style>\n<div class='flex_cell av-av_cell_two_third-5227a743201b625eadc00b27db60eab9 av-gridrow-cell av_two_third no_margin  avia-builder-el-3  el_after_av_cell_one_third  avia-builder-el-last  content-align-top'  ><div class='flex_cell_inner'><p>\n<style type=\"text\/css\" data-created_by=\"avia_inline_auto\" id=\"style-css-av-av_heading-55d12ae8149963cbcefe696a32c98ef7\">\n#top .av-special-heading.av-av_heading-55d12ae8149963cbcefe696a32c98ef7{\npadding-bottom:0;\nfont-size:30px;\n}\nbody .av-special-heading.av-av_heading-55d12ae8149963cbcefe696a32c98ef7 .av-special-heading-tag .heading-char{\nfont-size:25px;\n}\n#top #wrap_all .av-special-heading.av-av_heading-55d12ae8149963cbcefe696a32c98ef7 .av-special-heading-tag{\nfont-size:30px;\n}\n.av-special-heading.av-av_heading-55d12ae8149963cbcefe696a32c98ef7 .av-subheading{\nfont-size:20px;\n}\n\n@media only screen and (min-width: 480px) and (max-width: 767px){ \n#top #wrap_all .av-special-heading.av-av_heading-55d12ae8149963cbcefe696a32c98ef7 .av-special-heading-tag{\nfont-size:0.8em;\n}\n}\n\n@media only screen and (max-width: 479px){ \n#top #wrap_all .av-special-heading.av-av_heading-55d12ae8149963cbcefe696a32c98ef7 .av-special-heading-tag{\nfont-size:0.8em;\n}\n}\n<\/style>\n<div  class='av-special-heading av-av_heading-55d12ae8149963cbcefe696a32c98ef7 av-special-heading-h3 blockquote modern-quote  avia-builder-el-4  el_before_av_hr  avia-builder-el-first  av-inherit-size'><h3 class='av-special-heading-tag '  itemprop=\"headline\"  >Xavier Boutin<\/h3><div class='av-subheading av-subheading_below'><p>Founding Director<\/p>\n<\/div><div class=\"special-heading-border\"><div class=\"special-heading-inner-border\"><\/div><\/div><\/div><br \/>\n\n<style type=\"text\/css\" data-created_by=\"avia_inline_auto\" id=\"style-css-av-av_hr-0688d0b0b6ed2f8b057db7a8270206df\">\n#top .hr.hr-invisible.av-av_hr-0688d0b0b6ed2f8b057db7a8270206df{\nheight:50px;\n}\n<\/style>\n<div  class='hr av-av_hr-0688d0b0b6ed2f8b057db7a8270206df hr-invisible  avia-builder-el-5  el_after_av_heading  el_before_av_one_full '><span class='hr-inner '><span class=\"hr-inner-style\"><\/span><\/span><\/div><br \/>\n\n<style type=\"text\/css\" data-created_by=\"avia_inline_auto\" id=\"style-css-av-av_one_full-9497bbf8bff73ea4c6992cc17fa9ec36\">\n.flex_column.av-av_one_full-9497bbf8bff73ea4c6992cc17fa9ec36{\nborder-radius:0px 0px 0px 0px;\npadding:0px 0px 0px 0px;\n}\n<\/style>\n<div  class='flex_column av-av_one_full-9497bbf8bff73ea4c6992cc17fa9ec36 av_one_full  avia-builder-el-6  el_after_av_hr  avia-builder-el-last  first flex_column_div av-zero-column-padding  '     ><section  class='av_textblock_section av-k2q2st26-0da4a9e0e6b58bfef29df557a715f0a5 '   itemscope=\"itemscope\" itemtype=\"https:\/\/schema.org\/CreativeWork\" ><div class='avia_textblock'  itemprop=\"text\" ><p style=\"text-align: justify;\">A graduate of the <em>European Business School<\/em> Paris, with a Master\u2019s degree in Corporate Law from Paris I Panth\u00e9on-Sorbonne and a Bachelor\u2019s degree in Philosophy from Paris IV &#8211; Sorbonne, Xavier Boutin started his career in 1978 in the international cereal trade with Louis Dreyfus.<\/p>\n<p style=\"text-align: justify;\">After working as a philosophy teacher, he became committed to training young people and took over the direction of a community education association in 1982 and, in 1988, founded the Institut europ\u00e9en de coop\u00e9ration et de d\u00e9veloppement (IECD) of which he is the Director till 2017.<\/p>\n<p style=\"text-align: justify;\">Alongside his activities at the IECD, Xavier Boutin was the treasurer of the board of directors of <a href=\"http:\/\/www.coordinationsud.org\/\">Coordination Sud<\/a> from 1997 to 2011 and, since June 2013, he chairs the <a href=\"http:\/\/coordination-humanitaire-developpement.org\/\">Coordination Humanitaire et D\u00e9veloppement<\/a> (CHD) alongside Alain Boinet.<\/p>\n<p style=\"text-align: justify;\">Xavier Boutin also teaches in the Master\u2019s II course on \u201cManagement of development projects\u201d by IRCOM and speaks on development themes in many symposiums and seminars.<\/p>\n<\/div><\/section><br \/>\n<div  class='hr av-av_hr-dcd2069817a0e3d34ae04cad8f3443c7 hr-default  avia-builder-el-8  el_after_av_textblock  avia-builder-el-last '><span class='hr-inner '><span class=\"hr-inner-style\"><\/span><\/span><\/div><\/p><\/div><\/p>\n<\/div><\/div><\/div><div id='after_grid_row_1'  class='main_color av_default_container_wrap container_wrap fullsize'  ><div class='container av-section-cont-open' ><div class='template-page content  av-content-full alpha units'><div class='post-entry post-entry-type-page post-entry-3865'><div class='entry-content-wrapper clearfix'>\n<style type=\"text\/css\" data-created_by=\"avia_inline_auto\" id=\"style-css-av-av_one_third-9497bbf8bff73ea4c6992cc17fa9ec36\">\n.flex_column.av-av_one_third-9497bbf8bff73ea4c6992cc17fa9ec36{\nborder-radius:0px 0px 0px 0px;\npadding:0px 0px 0px 0px;\n}\n<\/style>\n<div  class='flex_column av-av_one_third-9497bbf8bff73ea4c6992cc17fa9ec36 av_one_third  avia-builder-el-9  el_after_av_layout_row  el_before_av_one_fifth  avia-builder-el-first  first flex_column_div av-zero-column-padding  '     ><\/div><\/p>\n\n<style type=\"text\/css\" data-created_by=\"avia_inline_auto\" id=\"style-css-av-av_one_fifth-9c1d454dc06f7247226bc4e8f931daae\">\n.flex_column.av-av_one_fifth-9c1d454dc06f7247226bc4e8f931daae{\nborder-radius:0px 0px 0px 0px;\npadding:0px 0px 0px 0px;\n}\n<\/style>\n<div  class='flex_column av-av_one_fifth-9c1d454dc06f7247226bc4e8f931daae av_one_fifth  avia-builder-el-10  el_after_av_one_third  el_before_av_one_full  flex_column_div av-zero-column-padding  '     ><style type=\"text\/css\" data-created_by=\"avia_inline_auto\" id=\"style-css-av-av_font_icon-ecbdd8838e7b7291f0dace371258f77d\">\n.av_font_icon.av-av_font_icon-ecbdd8838e7b7291f0dace371258f77d{\ncolor:#404040;\nborder-color:#404040;\n}\n.avia-svg-icon.av-av_font_icon-ecbdd8838e7b7291f0dace371258f77d svg:first-child{\nstroke:#404040;\nfill:#404040;\n}\n.av_font_icon.av-av_font_icon-ecbdd8838e7b7291f0dace371258f77d .av-icon-char{\nfont-size:40px;\nline-height:40px;\n}\n<\/style>\n<span  class='av_font_icon av-av_font_icon-ecbdd8838e7b7291f0dace371258f77d avia_animate_when_visible av-icon-style- avia-icon-pos-left avia-iconfont avia-font-entypo-fontello avia-icon-animate'><a href='https:\/\/www.iecd.org\/en\/team-in-france\/'  target=\"_blank\"  rel=\"noopener noreferrer\"  class='av-icon-char' data-av_icon='\ue870' data-av_iconfont='entypo-fontello' aria-hidden=\"false\" data-avia-icon-tooltip=\"&lt;br \/&gt;\nParis IECD Team&lt;br \/&gt;\n\"><\/a><\/span><\/div>\n\n<style type=\"text\/css\" data-created_by=\"avia_inline_auto\" id=\"style-css-av-av_one_full-9497bbf8bff73ea4c6992cc17fa9ec36\">\n.flex_column.av-av_one_full-9497bbf8bff73ea4c6992cc17fa9ec36{\nborder-radius:0px 0px 0px 0px;\npadding:0px 0px 0px 0px;\n}\n<\/style>\n<div  class='flex_column av-av_one_full-9497bbf8bff73ea4c6992cc17fa9ec36 av_one_full  avia-builder-el-12  el_after_av_one_fifth  avia-builder-el-last  first flex_column_div av-zero-column-padding  column-top-margin'     ><div  class='av-social-sharing-box av-av_social_share-1e34c66046439c35fa8f699e8ff1f12d av-social-sharing-box-default  avia-builder-el-13  avia-builder-el-no-sibling  av-social-sharing-box-fullwidth'><div class=\"av-share-box\"><h5 class='av-share-link-description av-no-toc '>Partager<\/h5><ul class=\"av-share-box-list noLightbox\"><li class='av-share-link av-social-link-facebook avia_social_iconfont' ><a target=\"_blank\" aria-label=\"Share on Facebook\" href='https:\/\/www.facebook.com\/sharer.php?u=https:\/\/www.iecd.org\/en\/team-in-france\/xavier-boutin-directeur-general\/&#038;t=Xavier%20Boutin%20%E2%80%93%20Founding%20Director' data-av_icon='\ue8f3' data-av_iconfont='entypo-fontello'  title='' data-avia-related-tooltip='Share on Facebook'><span class='avia_hidden_link_text'>Share on Facebook<\/span><\/a><\/li><li class='av-share-link av-social-link-twitter avia_social_iconfont' ><a target=\"_blank\" aria-label=\"Share on X\" href='https:\/\/twitter.com\/share?text=Xavier%20Boutin%20%E2%80%93%20Founding%20Director&#038;url=https:\/\/www.iecd.org\/en\/?p=3865' data-av_icon='\ue932' data-av_iconfont='entypo-fontello'  title='' data-avia-related-tooltip='Share on X'><span class='avia_hidden_link_text'>Share on X<\/span><\/a><\/li><li class='av-share-link av-social-link-linkedin avia_social_iconfont' ><a target=\"_blank\" aria-label=\"Share on LinkedIn\" href='https:\/\/linkedin.com\/shareArticle?mini=true&#038;title=Xavier%20Boutin%20%E2%80%93%20Founding%20Director&#038;url=https:\/\/www.iecd.org\/en\/team-in-france\/xavier-boutin-directeur-general\/' data-av_icon='\ue8fc' data-av_iconfont='entypo-fontello'  title='' data-avia-related-tooltip='Share on LinkedIn'><span class='avia_hidden_link_text'>Share on LinkedIn<\/span><\/a><\/li><li class='av-share-link av-social-link-mail avia_social_iconfont' ><a  aria-label=\"Share by Mail\" href='mailto:?subject=Xavier%20Boutin%20%E2%80%93%20Founding%20Director&#038;body=https:\/\/www.iecd.org\/en\/team-in-france\/xavier-boutin-directeur-general\/' data-av_icon='\ue805' data-av_iconfont='entypo-fontello'  title='' data-avia-related-tooltip='Share by Mail'><span class='avia_hidden_link_text'>Share by Mail<\/span><\/a><\/li><\/ul><\/div><\/div><\/div>\n","protected":false},"excerpt":{"rendered":"","protected":false},"author":1,"featured_media":0,"parent":2616,"menu_order":0,"comment_status":"closed","ping_status":"closed","template":"","meta":{"footnotes":""},"class_list":["post-3865","page","type-page","status-publish","hentry"],"yoast_head":"<!-- This site is optimized with the Yoast SEO plugin v27.5 - https:\/\/yoast.com\/product\/yoast-seo-wordpress\/ -->\n<title>Xavier Boutin - Founding Director - iecd<\/title>\n<meta name=\"robots\" content=\"index, follow, max-snippet:-1, max-image-preview:large, max-video-preview:-1\" \/>\n<link rel=\"canonical\" href=\"https:\/\/www.iecd.org\/en\/team-in-france\/xavier-boutin-directeur-general\/\" \/>\n<meta property=\"og:locale\" content=\"en_US\" \/>\n<meta property=\"og:type\" content=\"article\" \/>\n<meta property=\"og:title\" content=\"Xavier Boutin - Founding Director - iecd\" \/>\n<meta property=\"og:url\" content=\"https:\/\/www.iecd.org\/en\/team-in-france\/xavier-boutin-directeur-general\/\" \/>\n<meta property=\"og:site_name\" content=\"iecd\" \/>\n<meta property=\"article:modified_time\" content=\"2019-11-08T11:50:19+00:00\" \/>\n<meta name=\"twitter:card\" content=\"summary_large_image\" \/>\n<meta name=\"twitter:label1\" content=\"Est. reading time\" \/>\n\t<meta name=\"twitter:data1\" content=\"3 minutes\" \/>\n<script type=\"application\/ld+json\" class=\"yoast-schema-graph\">{\"@context\":\"https:\\\/\\\/schema.org\",\"@graph\":[{\"@type\":\"WebPage\",\"@id\":\"https:\\\/\\\/www.iecd.org\\\/en\\\/team-in-france\\\/xavier-boutin-directeur-general\\\/\",\"url\":\"https:\\\/\\\/www.iecd.org\\\/en\\\/team-in-france\\\/xavier-boutin-directeur-general\\\/\",\"name\":\"Xavier Boutin - Founding Director - iecd\",\"isPartOf\":{\"@id\":\"https:\\\/\\\/www.iecd.org\\\/#website\"},\"datePublished\":\"2016-01-28T16:02:10+00:00\",\"dateModified\":\"2019-11-08T11:50:19+00:00\",\"breadcrumb\":{\"@id\":\"https:\\\/\\\/www.iecd.org\\\/en\\\/team-in-france\\\/xavier-boutin-directeur-general\\\/#breadcrumb\"},\"inLanguage\":\"en-US\",\"potentialAction\":[{\"@type\":\"ReadAction\",\"target\":[\"https:\\\/\\\/www.iecd.org\\\/en\\\/team-in-france\\\/xavier-boutin-directeur-general\\\/\"]}]},{\"@type\":\"BreadcrumbList\",\"@id\":\"https:\\\/\\\/www.iecd.org\\\/en\\\/team-in-france\\\/xavier-boutin-directeur-general\\\/#breadcrumb\",\"itemListElement\":[{\"@type\":\"ListItem\",\"position\":1,\"name\":\"Accueil\",\"item\":\"https:\\\/\\\/www.iecd.org\\\/en\\\/accueil-fevrier-2022-b\\\/\"},{\"@type\":\"ListItem\",\"position\":2,\"name\":\"The teams in France\",\"item\":\"https:\\\/\\\/www.iecd.org\\\/en\\\/team-in-france\\\/\"},{\"@type\":\"ListItem\",\"position\":3,\"name\":\"Xavier Boutin &#8211; Founding Director\"}]},{\"@type\":\"WebSite\",\"@id\":\"https:\\\/\\\/www.iecd.org\\\/#website\",\"url\":\"https:\\\/\\\/www.iecd.org\\\/\",\"name\":\"iecd\",\"description\":\"semeurs d&#039;avenir\",\"potentialAction\":[{\"@type\":\"SearchAction\",\"target\":{\"@type\":\"EntryPoint\",\"urlTemplate\":\"https:\\\/\\\/www.iecd.org\\\/?s={search_term_string}\"},\"query-input\":{\"@type\":\"PropertyValueSpecification\",\"valueRequired\":true,\"valueName\":\"search_term_string\"}}],\"inLanguage\":\"en-US\"}]}<\/script>\n<!-- \/ Yoast SEO plugin. -->","yoast_head_json":{"title":"Xavier Boutin - Founding Director - iecd","robots":{"index":"index","follow":"follow","max-snippet":"max-snippet:-1","max-image-preview":"max-image-preview:large","max-video-preview":"max-video-preview:-1"},"canonical":"https:\/\/www.iecd.org\/en\/team-in-france\/xavier-boutin-directeur-general\/","og_locale":"en_US","og_type":"article","og_title":"Xavier Boutin - Founding Director - iecd","og_url":"https:\/\/www.iecd.org\/en\/team-in-france\/xavier-boutin-directeur-general\/","og_site_name":"iecd","article_modified_time":"2019-11-08T11:50:19+00:00","twitter_card":"summary_large_image","twitter_misc":{"Est. reading time":"3 minutes"},"schema":{"@context":"https:\/\/schema.org","@graph":[{"@type":"WebPage","@id":"https:\/\/www.iecd.org\/en\/team-in-france\/xavier-boutin-directeur-general\/","url":"https:\/\/www.iecd.org\/en\/team-in-france\/xavier-boutin-directeur-general\/","name":"Xavier Boutin - Founding Director - iecd","isPartOf":{"@id":"https:\/\/www.iecd.org\/#website"},"datePublished":"2016-01-28T16:02:10+00:00","dateModified":"2019-11-08T11:50:19+00:00","breadcrumb":{"@id":"https:\/\/www.iecd.org\/en\/team-in-france\/xavier-boutin-directeur-general\/#breadcrumb"},"inLanguage":"en-US","potentialAction":[{"@type":"ReadAction","target":["https:\/\/www.iecd.org\/en\/team-in-france\/xavier-boutin-directeur-general\/"]}]},{"@type":"BreadcrumbList","@id":"https:\/\/www.iecd.org\/en\/team-in-france\/xavier-boutin-directeur-general\/#breadcrumb","itemListElement":[{"@type":"ListItem","position":1,"name":"Accueil","item":"https:\/\/www.iecd.org\/en\/accueil-fevrier-2022-b\/"},{"@type":"ListItem","position":2,"name":"The teams in France","item":"https:\/\/www.iecd.org\/en\/team-in-france\/"},{"@type":"ListItem","position":3,"name":"Xavier Boutin &#8211; Founding Director"}]},{"@type":"WebSite","@id":"https:\/\/www.iecd.org\/#website","url":"https:\/\/www.iecd.org\/","name":"iecd","description":"semeurs d&#039;avenir","potentialAction":[{"@type":"SearchAction","target":{"@type":"EntryPoint","urlTemplate":"https:\/\/www.iecd.org\/?s={search_term_string}"},"query-input":{"@type":"PropertyValueSpecification","valueRequired":true,"valueName":"search_term_string"}}],"inLanguage":"en-US"}]}},"_links":{"self":[{"href":"https:\/\/www.iecd.org\/en\/wp-json\/wp\/v2\/pages\/3865","targetHints":{"allow":["GET"]}}],"collection":[{"href":"https:\/\/www.iecd.org\/en\/wp-json\/wp\/v2\/pages"}],"about":[{"href":"https:\/\/www.iecd.org\/en\/wp-json\/wp\/v2\/types\/page"}],"author":[{"embeddable":true,"href":"https:\/\/www.iecd.org\/en\/wp-json\/wp\/v2\/users\/1"}],"replies":[{"embeddable":true,"href":"https:\/\/www.iecd.org\/en\/wp-json\/wp\/v2\/comments?post=3865"}],"version-history":[{"count":0,"href":"https:\/\/www.iecd.org\/en\/wp-json\/wp\/v2\/pages\/3865\/revisions"}],"up":[{"embeddable":true,"href":"https:\/\/www.iecd.org\/en\/wp-json\/wp\/v2\/pages\/2616"}],"wp:attachment":[{"href":"https:\/\/www.iecd.org\/en\/wp-json\/wp\/v2\/media?parent=3865"}],"curies":[{"name":"wp","href":"https:\/\/api.w.org\/{rel}","templated":true}]}}