{"id":19702,"date":"2020-04-24T16:02:11","date_gmt":"2020-04-24T15:02:11","guid":{"rendered":"https:\/\/www.iecd.org\/iecd2\/wp-content\/uploads\/2020\/04\/fapam-liban-hopital-universitaire-rafic-hariri-beyrouth-zahraa-khayer-el-din-1564.jpg"},"modified":"2020-04-24T16:08:46","modified_gmt":"2020-04-24T15:08:46","slug":"fapam-liban-hopital-universitaire-rafic-hariri-beyrouth-zahraa-khayer-el-din-1564-2","status":"inherit","type":"attachment","link":"https:\/\/www.iecd.org\/en\/covid-19-garder-le-cap-et-avancer\/fapam-liban-hopital-universitaire-rafic-hariri-beyrouth-zahraa-khayer-el-din-1564-2\/","title":{"rendered":"fapam-liban-hopital-universitaire-rafic-hariri-beyrouth-zahraa-khayer-el-din-1564"},"author":4,"featured_media":0,"comment_status":"closed","ping_status":"closed","template":"","meta":[],"class_list":["post-19702","attachment","type-attachment","status-inherit","hentry"],"yoast_head":"<!-- This site is optimized with the Yoast SEO plugin v27.5 - https:\/\/yoast.com\/product\/yoast-seo-wordpress\/ -->\n<title>fapam-liban-hopital-universitaire-rafic-hariri-beyrouth-zahraa-khayer-el-din-1564 - iecd<\/title>\n<meta name=\"robots\" content=\"index, follow, max-snippet:-1, max-image-preview:large, max-video-preview:-1\" \/>\n<link rel=\"canonical\" href=\"https:\/\/www.iecd.org\/iecd2\/wp-content\/uploads\/2020\/04\/fapam-liban-hopital-universitaire-rafic-hariri-beyrouth-zahraa-khayer-el-din-1564.jpg\" \/>\n<meta property=\"og:locale\" content=\"en_US\" \/>\n<meta property=\"og:type\" content=\"article\" \/>\n<meta property=\"og:title\" content=\"fapam-liban-hopital-universitaire-rafic-hariri-beyrouth-zahraa-khayer-el-din-1564 - iecd\" \/>\n<meta property=\"og:description\" content=\"Formation \u00e0 la personne \u00e2g\u00e9e et malade \u00e0 l&#039;Hopital Universitaire Rafic Hariri de Beyrouth, au Liban, o\u00f9 a \u00e9t\u00e9 d\u00e9clar\u00e9 le premier cas de Corona Virus le 21 f\u00e9vrier 2020 - \u00a9Zahraa Khayer el Din\" \/>\n<meta property=\"og:url\" content=\"https:\/\/www.iecd.org\/iecd2\/wp-content\/uploads\/2020\/04\/fapam-liban-hopital-universitaire-rafic-hariri-beyrouth-zahraa-khayer-el-din-1564.jpg\" \/>\n<meta property=\"og:site_name\" content=\"iecd\" \/>\n<meta property=\"article:modified_time\" content=\"2020-04-24T15:08:46+00:00\" \/>\n<meta property=\"og:image\" content=\"https:\/\/www.iecd.org\/iecd2\/wp-content\/uploads\/2020\/04\/fapam-liban-hopital-universitaire-rafic-hariri-beyrouth-zahraa-khayer-el-din-1564-1200x800.jpg\" \/>\n\t<meta property=\"og:image:width\" content=\"1200\" \/>\n\t<meta property=\"og:image:height\" content=\"800\" \/>\n\t<meta property=\"og:image:type\" content=\"image\/jpeg\" \/>\n<meta name=\"twitter:card\" content=\"summary_large_image\" \/>\n<script type=\"application\/ld+json\" class=\"yoast-schema-graph\">{\"@context\":\"https:\\\/\\\/schema.org\",\"@graph\":[{\"@type\":\"WebPage\",\"@id\":\"https:\\\/\\\/www.iecd.org\\\/iecd2\\\/wp-content\\\/uploads\\\/2020\\\/04\\\/fapam-liban-hopital-universitaire-rafic-hariri-beyrouth-zahraa-khayer-el-din-1564.jpg\",\"url\":\"https:\\\/\\\/www.iecd.org\\\/iecd2\\\/wp-content\\\/uploads\\\/2020\\\/04\\\/fapam-liban-hopital-universitaire-rafic-hariri-beyrouth-zahraa-khayer-el-din-1564.jpg\",\"name\":\"fapam-liban-hopital-universitaire-rafic-hariri-beyrouth-zahraa-khayer-el-din-1564 - iecd\",\"isPartOf\":{\"@id\":\"https:\\\/\\\/www.iecd.org\\\/#website\"},\"datePublished\":\"2020-04-24T15:02:11+00:00\",\"dateModified\":\"2020-04-24T15:08:46+00:00\",\"breadcrumb\":{\"@id\":\"https:\\\/\\\/www.iecd.org\\\/iecd2\\\/wp-content\\\/uploads\\\/2020\\\/04\\\/fapam-liban-hopital-universitaire-rafic-hariri-beyrouth-zahraa-khayer-el-din-1564.jpg#breadcrumb\"},\"inLanguage\":\"en-US\",\"potentialAction\":[{\"@type\":\"ReadAction\",\"target\":[\"https:\\\/\\\/www.iecd.org\\\/iecd2\\\/wp-content\\\/uploads\\\/2020\\\/04\\\/fapam-liban-hopital-universitaire-rafic-hariri-beyrouth-zahraa-khayer-el-din-1564.jpg\"]}]},{\"@type\":\"BreadcrumbList\",\"@id\":\"https:\\\/\\\/www.iecd.org\\\/iecd2\\\/wp-content\\\/uploads\\\/2020\\\/04\\\/fapam-liban-hopital-universitaire-rafic-hariri-beyrouth-zahraa-khayer-el-din-1564.jpg#breadcrumb\",\"itemListElement\":[{\"@type\":\"ListItem\",\"position\":1,\"name\":\"Accueil\",\"item\":\"https:\\\/\\\/www.iecd.org\\\/en\\\/accueil-fevrier-2022-b\\\/\"},{\"@type\":\"ListItem\",\"position\":2,\"name\":\"Covid-19: stay focused and continue to progress!\",\"item\":\"https:\\\/\\\/www.iecd.org\\\/en\\\/covid-19-garder-le-cap-et-avancer\\\/\"},{\"@type\":\"ListItem\",\"position\":3,\"name\":\"fapam-liban-hopital-universitaire-rafic-hariri-beyrouth-zahraa-khayer-el-din-1564\"}]},{\"@type\":\"WebSite\",\"@id\":\"https:\\\/\\\/www.iecd.org\\\/#website\",\"url\":\"https:\\\/\\\/www.iecd.org\\\/\",\"name\":\"iecd\",\"description\":\"semeurs d&#039;avenir\",\"potentialAction\":[{\"@type\":\"SearchAction\",\"target\":{\"@type\":\"EntryPoint\",\"urlTemplate\":\"https:\\\/\\\/www.iecd.org\\\/?s={search_term_string}\"},\"query-input\":{\"@type\":\"PropertyValueSpecification\",\"valueRequired\":true,\"valueName\":\"search_term_string\"}}],\"inLanguage\":\"en-US\"}]}<\/script>\n<!-- \/ Yoast SEO plugin. -->","yoast_head_json":{"title":"fapam-liban-hopital-universitaire-rafic-hariri-beyrouth-zahraa-khayer-el-din-1564 - iecd","robots":{"index":"index","follow":"follow","max-snippet":"max-snippet:-1","max-image-preview":"max-image-preview:large","max-video-preview":"max-video-preview:-1"},"canonical":"https:\/\/www.iecd.org\/iecd2\/wp-content\/uploads\/2020\/04\/fapam-liban-hopital-universitaire-rafic-hariri-beyrouth-zahraa-khayer-el-din-1564.jpg","og_locale":"en_US","og_type":"article","og_title":"fapam-liban-hopital-universitaire-rafic-hariri-beyrouth-zahraa-khayer-el-din-1564 - iecd","og_description":"Formation \u00e0 la personne \u00e2g\u00e9e et malade \u00e0 l'Hopital Universitaire Rafic Hariri de Beyrouth, au Liban, o\u00f9 a \u00e9t\u00e9 d\u00e9clar\u00e9 le premier cas de Corona Virus le 21 f\u00e9vrier 2020 - \u00a9Zahraa Khayer el Din","og_url":"https:\/\/www.iecd.org\/iecd2\/wp-content\/uploads\/2020\/04\/fapam-liban-hopital-universitaire-rafic-hariri-beyrouth-zahraa-khayer-el-din-1564.jpg","og_site_name":"iecd","article_modified_time":"2020-04-24T15:08:46+00:00","og_image":[{"width":1200,"height":800,"url":"https:\/\/www.iecd.org\/iecd2\/wp-content\/uploads\/2020\/04\/fapam-liban-hopital-universitaire-rafic-hariri-beyrouth-zahraa-khayer-el-din-1564-1200x800.jpg","type":"image\/jpeg"}],"twitter_card":"summary_large_image","schema":{"@context":"https:\/\/schema.org","@graph":[{"@type":"WebPage","@id":"https:\/\/www.iecd.org\/iecd2\/wp-content\/uploads\/2020\/04\/fapam-liban-hopital-universitaire-rafic-hariri-beyrouth-zahraa-khayer-el-din-1564.jpg","url":"https:\/\/www.iecd.org\/iecd2\/wp-content\/uploads\/2020\/04\/fapam-liban-hopital-universitaire-rafic-hariri-beyrouth-zahraa-khayer-el-din-1564.jpg","name":"fapam-liban-hopital-universitaire-rafic-hariri-beyrouth-zahraa-khayer-el-din-1564 - iecd","isPartOf":{"@id":"https:\/\/www.iecd.org\/#website"},"datePublished":"2020-04-24T15:02:11+00:00","dateModified":"2020-04-24T15:08:46+00:00","breadcrumb":{"@id":"https:\/\/www.iecd.org\/iecd2\/wp-content\/uploads\/2020\/04\/fapam-liban-hopital-universitaire-rafic-hariri-beyrouth-zahraa-khayer-el-din-1564.jpg#breadcrumb"},"inLanguage":"en-US","potentialAction":[{"@type":"ReadAction","target":["https:\/\/www.iecd.org\/iecd2\/wp-content\/uploads\/2020\/04\/fapam-liban-hopital-universitaire-rafic-hariri-beyrouth-zahraa-khayer-el-din-1564.jpg"]}]},{"@type":"BreadcrumbList","@id":"https:\/\/www.iecd.org\/iecd2\/wp-content\/uploads\/2020\/04\/fapam-liban-hopital-universitaire-rafic-hariri-beyrouth-zahraa-khayer-el-din-1564.jpg#breadcrumb","itemListElement":[{"@type":"ListItem","position":1,"name":"Accueil","item":"https:\/\/www.iecd.org\/en\/accueil-fevrier-2022-b\/"},{"@type":"ListItem","position":2,"name":"Covid-19: stay focused and continue to progress!","item":"https:\/\/www.iecd.org\/en\/covid-19-garder-le-cap-et-avancer\/"},{"@type":"ListItem","position":3,"name":"fapam-liban-hopital-universitaire-rafic-hariri-beyrouth-zahraa-khayer-el-din-1564"}]},{"@type":"WebSite","@id":"https:\/\/www.iecd.org\/#website","url":"https:\/\/www.iecd.org\/","name":"iecd","description":"semeurs d&#039;avenir","potentialAction":[{"@type":"SearchAction","target":{"@type":"EntryPoint","urlTemplate":"https:\/\/www.iecd.org\/?s={search_term_string}"},"query-input":{"@type":"PropertyValueSpecification","valueRequired":true,"valueName":"search_term_string"}}],"inLanguage":"en-US"}]}},"description":{"rendered":"<p class=\"attachment\"><a href='https:\/\/www.iecd.org\/iecd2\/wp-content\/uploads\/2020\/04\/fapam-liban-hopital-universitaire-rafic-hariri-beyrouth-zahraa-khayer-el-din-1564.jpg'><img loading=\"lazy\" decoding=\"async\" width=\"600\" height=\"400\" src=\"https:\/\/www.iecd.org\/iecd2\/wp-content\/uploads\/2020\/04\/fapam-liban-hopital-universitaire-rafic-hariri-beyrouth-zahraa-khayer-el-din-1564-600x400.jpg\" class=\"attachment-medium size-medium\" alt=\"\" srcset=\"https:\/\/www.iecd.org\/iecd2\/wp-content\/uploads\/2020\/04\/fapam-liban-hopital-universitaire-rafic-hariri-beyrouth-zahraa-khayer-el-din-1564-600x400.jpg 600w, https:\/\/www.iecd.org\/iecd2\/wp-content\/uploads\/2020\/04\/fapam-liban-hopital-universitaire-rafic-hariri-beyrouth-zahraa-khayer-el-din-1564-1200x800.jpg 1200w, https:\/\/www.iecd.org\/iecd2\/wp-content\/uploads\/2020\/04\/fapam-liban-hopital-universitaire-rafic-hariri-beyrouth-zahraa-khayer-el-din-1564-768x512.jpg 768w, https:\/\/www.iecd.org\/iecd2\/wp-content\/uploads\/2020\/04\/fapam-liban-hopital-universitaire-rafic-hariri-beyrouth-zahraa-khayer-el-din-1564-1536x1024.jpg 1536w, https:\/\/www.iecd.org\/iecd2\/wp-content\/uploads\/2020\/04\/fapam-liban-hopital-universitaire-rafic-hariri-beyrouth-zahraa-khayer-el-din-1564-2048x1365.jpg 2048w, https:\/\/www.iecd.org\/iecd2\/wp-content\/uploads\/2020\/04\/fapam-liban-hopital-universitaire-rafic-hariri-beyrouth-zahraa-khayer-el-din-1564-1500x1000.jpg 1500w, https:\/\/www.iecd.org\/iecd2\/wp-content\/uploads\/2020\/04\/fapam-liban-hopital-universitaire-rafic-hariri-beyrouth-zahraa-khayer-el-din-1564-705x470.jpg 705w\" sizes=\"auto, (max-width: 600px) 100vw, 600px\" \/><\/a><\/p>\n"},"caption":{"rendered":"<p>Formation \u00e0 la personne \u00e2g\u00e9e et malade \u00e0 l&#8217;Hopital Universitaire Rafic Hariri de Beyrouth, au Liban, o\u00f9 a \u00e9t\u00e9 d\u00e9clar\u00e9 le premier cas de Corona Virus le 21 f\u00e9vrier 2020 &#8211; \u00a9Zahraa Khayer el Din<\/p>\n"},"alt_text":"","media_type":"image","mime_type":"image\/jpeg","media_details":{"width":2560,"height":1707,"file":"2020\/04\/fapam-liban-hopital-universitaire-rafic-hariri-beyrouth-zahraa-khayer-el-din-1564.jpg","filesize":2575341,"sizes":{"medium":{"file":"fapam-liban-hopital-universitaire-rafic-hariri-beyrouth-zahraa-khayer-el-din-1564-600x400.jpg","width":600,"height":400,"filesize":207634,"mime_type":"image\/jpeg","source_url":"https:\/\/www.iecd.org\/iecd2\/wp-content\/uploads\/2020\/04\/fapam-liban-hopital-universitaire-rafic-hariri-beyrouth-zahraa-khayer-el-din-1564-600x400.jpg"},"large":{"file":"fapam-liban-hopital-universitaire-rafic-hariri-beyrouth-zahraa-khayer-el-din-1564-1200x800.jpg","width":1200,"height":800,"filesize":633931,"mime_type":"image\/jpeg","source_url":"https:\/\/www.iecd.org\/iecd2\/wp-content\/uploads\/2020\/04\/fapam-liban-hopital-universitaire-rafic-hariri-beyrouth-zahraa-khayer-el-din-1564-1200x800.jpg"},"thumbnail":{"file":"fapam-liban-hopital-universitaire-rafic-hariri-beyrouth-zahraa-khayer-el-din-1564-80x80.jpg","width":80,"height":80,"filesize":32592,"mime_type":"image\/jpeg","source_url":"https:\/\/www.iecd.org\/iecd2\/wp-content\/uploads\/2020\/04\/fapam-liban-hopital-universitaire-rafic-hariri-beyrouth-zahraa-khayer-el-din-1564-80x80.jpg"},"medium_large":{"file":"fapam-liban-hopital-universitaire-rafic-hariri-beyrouth-zahraa-khayer-el-din-1564-768x512.jpg","width":768,"height":512,"filesize":303715,"mime_type":"image\/jpeg","source_url":"https:\/\/www.iecd.org\/iecd2\/wp-content\/uploads\/2020\/04\/fapam-liban-hopital-universitaire-rafic-hariri-beyrouth-zahraa-khayer-el-din-1564-768x512.jpg"},"1536x1536":{"file":"fapam-liban-hopital-universitaire-rafic-hariri-beyrouth-zahraa-khayer-el-din-1564-1536x1024.jpg","width":1536,"height":1024,"filesize":988611,"mime_type":"image\/jpeg","source_url":"https:\/\/www.iecd.org\/iecd2\/wp-content\/uploads\/2020\/04\/fapam-liban-hopital-universitaire-rafic-hariri-beyrouth-zahraa-khayer-el-din-1564-1536x1024.jpg"},"2048x2048":{"file":"fapam-liban-hopital-universitaire-rafic-hariri-beyrouth-zahraa-khayer-el-din-1564-2048x1365.jpg","width":2048,"height":1365,"filesize":1687728,"mime_type":"image\/jpeg","source_url":"https:\/\/www.iecd.org\/iecd2\/wp-content\/uploads\/2020\/04\/fapam-liban-hopital-universitaire-rafic-hariri-beyrouth-zahraa-khayer-el-din-1564-2048x1365.jpg"},"widget":{"file":"fapam-liban-hopital-universitaire-rafic-hariri-beyrouth-zahraa-khayer-el-din-1564-36x36.jpg","width":36,"height":36,"filesize":26699,"mime_type":"image\/jpeg","source_url":"https:\/\/www.iecd.org\/iecd2\/wp-content\/uploads\/2020\/04\/fapam-liban-hopital-universitaire-rafic-hariri-beyrouth-zahraa-khayer-el-din-1564-36x36.jpg"},"square":{"file":"fapam-liban-hopital-universitaire-rafic-hariri-beyrouth-zahraa-khayer-el-din-1564-180x180.jpg","width":180,"height":180,"filesize":58202,"mime_type":"image\/jpeg","source_url":"https:\/\/www.iecd.org\/iecd2\/wp-content\/uploads\/2020\/04\/fapam-liban-hopital-universitaire-rafic-hariri-beyrouth-zahraa-khayer-el-din-1564-180x180.jpg"},"featured":{"file":"fapam-liban-hopital-universitaire-rafic-hariri-beyrouth-zahraa-khayer-el-din-1564-1500x430.jpg","width":1500,"height":430,"filesize":446405,"mime_type":"image\/jpeg","source_url":"https:\/\/www.iecd.org\/iecd2\/wp-content\/uploads\/2020\/04\/fapam-liban-hopital-universitaire-rafic-hariri-beyrouth-zahraa-khayer-el-din-1564-1500x430.jpg"},"featured_large":{"file":"fapam-liban-hopital-universitaire-rafic-hariri-beyrouth-zahraa-khayer-el-din-1564-1500x630.jpg","width":1500,"height":630,"filesize":628966,"mime_type":"image\/jpeg","source_url":"https:\/\/www.iecd.org\/iecd2\/wp-content\/uploads\/2020\/04\/fapam-liban-hopital-universitaire-rafic-hariri-beyrouth-zahraa-khayer-el-din-1564-1500x630.jpg"},"extra_large":{"file":"fapam-liban-hopital-universitaire-rafic-hariri-beyrouth-zahraa-khayer-el-din-1564-1500x1000.jpg","width":1500,"height":1000,"filesize":949487,"mime_type":"image\/jpeg","source_url":"https:\/\/www.iecd.org\/iecd2\/wp-content\/uploads\/2020\/04\/fapam-liban-hopital-universitaire-rafic-hariri-beyrouth-zahraa-khayer-el-din-1564-1500x1000.jpg"},"portfolio":{"file":"fapam-liban-hopital-universitaire-rafic-hariri-beyrouth-zahraa-khayer-el-din-1564-495x400.jpg","width":495,"height":400,"filesize":180475,"mime_type":"image\/jpeg","source_url":"https:\/\/www.iecd.org\/iecd2\/wp-content\/uploads\/2020\/04\/fapam-liban-hopital-universitaire-rafic-hariri-beyrouth-zahraa-khayer-el-din-1564-495x400.jpg"},"portfolio_small":{"file":"fapam-liban-hopital-universitaire-rafic-hariri-beyrouth-zahraa-khayer-el-din-1564-260x185.jpg","width":260,"height":185,"filesize":71928,"mime_type":"image\/jpeg","source_url":"https:\/\/www.iecd.org\/iecd2\/wp-content\/uploads\/2020\/04\/fapam-liban-hopital-universitaire-rafic-hariri-beyrouth-zahraa-khayer-el-din-1564-260x185.jpg"},"gallery":{"file":"fapam-liban-hopital-universitaire-rafic-hariri-beyrouth-zahraa-khayer-el-din-1564-845x684.jpg","width":845,"height":684,"filesize":417714,"mime_type":"image\/jpeg","source_url":"https:\/\/www.iecd.org\/iecd2\/wp-content\/uploads\/2020\/04\/fapam-liban-hopital-universitaire-rafic-hariri-beyrouth-zahraa-khayer-el-din-1564-845x684.jpg"},"magazine":{"file":"fapam-liban-hopital-universitaire-rafic-hariri-beyrouth-zahraa-khayer-el-din-1564-710x375.jpg","width":710,"height":375,"filesize":221196,"mime_type":"image\/jpeg","source_url":"https:\/\/www.iecd.org\/iecd2\/wp-content\/uploads\/2020\/04\/fapam-liban-hopital-universitaire-rafic-hariri-beyrouth-zahraa-khayer-el-din-1564-710x375.jpg"},"masonry":{"file":"fapam-liban-hopital-universitaire-rafic-hariri-beyrouth-zahraa-khayer-el-din-1564-705x470.jpg","width":705,"height":470,"filesize":267287,"mime_type":"image\/jpeg","source_url":"https:\/\/www.iecd.org\/iecd2\/wp-content\/uploads\/2020\/04\/fapam-liban-hopital-universitaire-rafic-hariri-beyrouth-zahraa-khayer-el-din-1564-705x470.jpg"},"entry_with_sidebar":{"file":"fapam-liban-hopital-universitaire-rafic-hariri-beyrouth-zahraa-khayer-el-din-1564-845x321.jpg","width":845,"height":321,"filesize":221841,"mime_type":"image\/jpeg","source_url":"https:\/\/www.iecd.org\/iecd2\/wp-content\/uploads\/2020\/04\/fapam-liban-hopital-universitaire-rafic-hariri-beyrouth-zahraa-khayer-el-din-1564-845x321.jpg"},"entry_without_sidebar":{"file":"fapam-liban-hopital-universitaire-rafic-hariri-beyrouth-zahraa-khayer-el-din-1564-1210x423.jpg","width":1210,"height":423,"filesize":363701,"mime_type":"image\/jpeg","source_url":"https:\/\/www.iecd.org\/iecd2\/wp-content\/uploads\/2020\/04\/fapam-liban-hopital-universitaire-rafic-hariri-beyrouth-zahraa-khayer-el-din-1564-1210x423.jpg"},"500x500":{"file":"fapam-liban-hopital-universitaire-rafic-hariri-beyrouth-zahraa-khayer-el-din-1564-500x500.jpg","width":500,"height":500,"filesize":213061,"mime_type":"image\/jpeg","source_url":"https:\/\/www.iecd.org\/iecd2\/wp-content\/uploads\/2020\/04\/fapam-liban-hopital-universitaire-rafic-hariri-beyrouth-zahraa-khayer-el-din-1564-500x500.jpg"},"300x300":{"file":"fapam-liban-hopital-universitaire-rafic-hariri-beyrouth-zahraa-khayer-el-din-1564-300x300.jpg","width":300,"height":300,"filesize":103828,"mime_type":"image\/jpeg","source_url":"https:\/\/www.iecd.org\/iecd2\/wp-content\/uploads\/2020\/04\/fapam-liban-hopital-universitaire-rafic-hariri-beyrouth-zahraa-khayer-el-din-1564-300x300.jpg"},"full":{"file":"fapam-liban-hopital-universitaire-rafic-hariri-beyrouth-zahraa-khayer-el-din-1564.jpg","width":2560,"height":1707,"mime_type":"image\/jpeg","source_url":"https:\/\/www.iecd.org\/iecd2\/wp-content\/uploads\/2020\/04\/fapam-liban-hopital-universitaire-rafic-hariri-beyrouth-zahraa-khayer-el-din-1564.jpg"}},"image_meta":{"aperture":"6.4","credit":"","camera":"X-T3","caption":"","created_timestamp":"1565627705","copyright":"","focal_length":"15","iso":"1600","shutter_speed":"0.066666666666667","title":"","orientation":"0","keywords":[]},"original_image":"fapam-liban-hopital-universitaire-rafic-hariri-beyrouth-zahraa-khayer-el-din-1564.jpg"},"post":19839,"source_url":"https:\/\/www.iecd.org\/iecd2\/wp-content\/uploads\/2020\/04\/fapam-liban-hopital-universitaire-rafic-hariri-beyrouth-zahraa-khayer-el-din-1564.jpg","_links":{"self":[{"href":"https:\/\/www.iecd.org\/en\/wp-json\/wp\/v2\/media\/19702","targetHints":{"allow":["GET"]}}],"collection":[{"href":"https:\/\/www.iecd.org\/en\/wp-json\/wp\/v2\/media"}],"about":[{"href":"https:\/\/www.iecd.org\/en\/wp-json\/wp\/v2\/types\/attachment"}],"author":[{"embeddable":true,"href":"https:\/\/www.iecd.org\/en\/wp-json\/wp\/v2\/users\/4"}],"replies":[{"embeddable":true,"href":"https:\/\/www.iecd.org\/en\/wp-json\/wp\/v2\/comments?post=19702"}],"wp:attached-to":[{"embeddable":true,"post_type":"post","id":19839,"href":"https:\/\/www.iecd.org\/en\/wp-json\/wp\/v2\/posts\/19839"}],"curies":[{"name":"wp","href":"https:\/\/api.w.org\/{rel}","templated":true}]}}