{"id":18806,"date":"2016-11-08T17:54:11","date_gmt":"2016-11-08T16:54:11","guid":{"rendered":"http:\/\/www.iecd.org\/iecd\/wp-content\/uploads\/2016\/11\/Marci-Remise-arbre-fruitier-Concours-Talents-Verts.jpg"},"modified":"2016-11-08T17:54:11","modified_gmt":"2016-11-08T16:54:11","slug":"marci-remise-arbre-fruitier-concours-talents-verts","status":"inherit","type":"attachment","link":"https:\/\/www.iecd.org\/en\/concours-talents-verts-programme-graines-desperance-maroc\/marci-remise-arbre-fruitier-concours-talents-verts\/","title":{"rendered":"Marci Remise arbre fruitier Concours Talents Verts"},"author":4,"featured_media":0,"comment_status":"open","ping_status":"closed","template":"","meta":[],"class_list":["post-18806","attachment","type-attachment","status-inherit","hentry"],"yoast_head":"<!-- This site is optimized with the Yoast SEO plugin v27.5 - https:\/\/yoast.com\/product\/yoast-seo-wordpress\/ -->\n<title>Marci Remise arbre fruitier Concours Talents Verts - iecd<\/title>\n<meta name=\"robots\" content=\"index, follow, max-snippet:-1, max-image-preview:large, max-video-preview:-1\" \/>\n<link rel=\"canonical\" href=\"https:\/\/www.iecd.org\/iecd2\/wp-content\/uploads\/2016\/11\/Marci-Remise-arbre-fruitier-Concours-Talents-Verts.jpg\" \/>\n<meta property=\"og:locale\" content=\"en_US\" \/>\n<meta property=\"og:type\" content=\"article\" \/>\n<meta property=\"og:title\" content=\"Marci Remise arbre fruitier Concours Talents Verts - iecd\" \/>\n<meta property=\"og:description\" content=\"Finale du concours &quot;Talents Verts&quot; - Remise d&#039;un arbre fruitier \u00e0 chaque \u00e9cole partenaires comme un symbole de travail, de nature et de durabilit\u00e9, trois piliers du concours\" \/>\n<meta property=\"og:url\" content=\"https:\/\/www.iecd.org\/iecd2\/wp-content\/uploads\/2016\/11\/Marci-Remise-arbre-fruitier-Concours-Talents-Verts.jpg\" \/>\n<meta property=\"og:site_name\" content=\"iecd\" \/>\n<meta property=\"og:image\" content=\"https:\/\/www.iecd.org\/iecd2\/wp-content\/uploads\/2016\/11\/Marci-Remise-arbre-fruitier-Concours-Talents-Verts.jpg\" \/>\n\t<meta property=\"og:image:width\" content=\"2741\" \/>\n\t<meta property=\"og:image:height\" content=\"4127\" \/>\n\t<meta property=\"og:image:type\" content=\"image\/jpeg\" \/>\n<meta name=\"twitter:card\" content=\"summary_large_image\" \/>\n<script type=\"application\/ld+json\" class=\"yoast-schema-graph\">{\"@context\":\"https:\\\/\\\/schema.org\",\"@graph\":[{\"@type\":\"WebPage\",\"@id\":\"https:\\\/\\\/www.iecd.org\\\/iecd2\\\/wp-content\\\/uploads\\\/2016\\\/11\\\/Marci-Remise-arbre-fruitier-Concours-Talents-Verts.jpg\",\"url\":\"https:\\\/\\\/www.iecd.org\\\/iecd2\\\/wp-content\\\/uploads\\\/2016\\\/11\\\/Marci-Remise-arbre-fruitier-Concours-Talents-Verts.jpg\",\"name\":\"Marci Remise arbre fruitier Concours Talents Verts - iecd\",\"isPartOf\":{\"@id\":\"https:\\\/\\\/www.iecd.org\\\/#website\"},\"datePublished\":\"2016-11-08T16:54:11+00:00\",\"breadcrumb\":{\"@id\":\"https:\\\/\\\/www.iecd.org\\\/iecd2\\\/wp-content\\\/uploads\\\/2016\\\/11\\\/Marci-Remise-arbre-fruitier-Concours-Talents-Verts.jpg#breadcrumb\"},\"inLanguage\":\"en-US\",\"potentialAction\":[{\"@type\":\"ReadAction\",\"target\":[\"https:\\\/\\\/www.iecd.org\\\/iecd2\\\/wp-content\\\/uploads\\\/2016\\\/11\\\/Marci-Remise-arbre-fruitier-Concours-Talents-Verts.jpg\"]}]},{\"@type\":\"BreadcrumbList\",\"@id\":\"https:\\\/\\\/www.iecd.org\\\/iecd2\\\/wp-content\\\/uploads\\\/2016\\\/11\\\/Marci-Remise-arbre-fruitier-Concours-Talents-Verts.jpg#breadcrumb\",\"itemListElement\":[{\"@type\":\"ListItem\",\"position\":1,\"name\":\"Accueil\",\"item\":\"https:\\\/\\\/www.iecd.org\\\/en\\\/accueil-fevrier-2022-b\\\/\"},{\"@type\":\"ListItem\",\"position\":2,\"name\":\"Feedback on the &#8220;Green Talent&#8221; competition &#8211; Seeds of Hope program in Morocco\",\"item\":\"https:\\\/\\\/www.iecd.org\\\/en\\\/concours-talents-verts-programme-graines-desperance-maroc\\\/\"},{\"@type\":\"ListItem\",\"position\":3,\"name\":\"Marci Remise arbre fruitier Concours Talents Verts\"}]},{\"@type\":\"WebSite\",\"@id\":\"https:\\\/\\\/www.iecd.org\\\/#website\",\"url\":\"https:\\\/\\\/www.iecd.org\\\/\",\"name\":\"iecd\",\"description\":\"semeurs d&#039;avenir\",\"potentialAction\":[{\"@type\":\"SearchAction\",\"target\":{\"@type\":\"EntryPoint\",\"urlTemplate\":\"https:\\\/\\\/www.iecd.org\\\/?s={search_term_string}\"},\"query-input\":{\"@type\":\"PropertyValueSpecification\",\"valueRequired\":true,\"valueName\":\"search_term_string\"}}],\"inLanguage\":\"en-US\"}]}<\/script>\n<!-- \/ Yoast SEO plugin. -->","yoast_head_json":{"title":"Marci Remise arbre fruitier Concours Talents Verts - iecd","robots":{"index":"index","follow":"follow","max-snippet":"max-snippet:-1","max-image-preview":"max-image-preview:large","max-video-preview":"max-video-preview:-1"},"canonical":"https:\/\/www.iecd.org\/iecd2\/wp-content\/uploads\/2016\/11\/Marci-Remise-arbre-fruitier-Concours-Talents-Verts.jpg","og_locale":"en_US","og_type":"article","og_title":"Marci Remise arbre fruitier Concours Talents Verts - iecd","og_description":"Finale du concours \"Talents Verts\" - Remise d'un arbre fruitier \u00e0 chaque \u00e9cole partenaires comme un symbole de travail, de nature et de durabilit\u00e9, trois piliers du concours","og_url":"https:\/\/www.iecd.org\/iecd2\/wp-content\/uploads\/2016\/11\/Marci-Remise-arbre-fruitier-Concours-Talents-Verts.jpg","og_site_name":"iecd","og_image":[{"width":2741,"height":4127,"url":"https:\/\/www.iecd.org\/iecd2\/wp-content\/uploads\/2016\/11\/Marci-Remise-arbre-fruitier-Concours-Talents-Verts.jpg","type":"image\/jpeg"}],"twitter_card":"summary_large_image","schema":{"@context":"https:\/\/schema.org","@graph":[{"@type":"WebPage","@id":"https:\/\/www.iecd.org\/iecd2\/wp-content\/uploads\/2016\/11\/Marci-Remise-arbre-fruitier-Concours-Talents-Verts.jpg","url":"https:\/\/www.iecd.org\/iecd2\/wp-content\/uploads\/2016\/11\/Marci-Remise-arbre-fruitier-Concours-Talents-Verts.jpg","name":"Marci Remise arbre fruitier Concours Talents Verts - iecd","isPartOf":{"@id":"https:\/\/www.iecd.org\/#website"},"datePublished":"2016-11-08T16:54:11+00:00","breadcrumb":{"@id":"https:\/\/www.iecd.org\/iecd2\/wp-content\/uploads\/2016\/11\/Marci-Remise-arbre-fruitier-Concours-Talents-Verts.jpg#breadcrumb"},"inLanguage":"en-US","potentialAction":[{"@type":"ReadAction","target":["https:\/\/www.iecd.org\/iecd2\/wp-content\/uploads\/2016\/11\/Marci-Remise-arbre-fruitier-Concours-Talents-Verts.jpg"]}]},{"@type":"BreadcrumbList","@id":"https:\/\/www.iecd.org\/iecd2\/wp-content\/uploads\/2016\/11\/Marci-Remise-arbre-fruitier-Concours-Talents-Verts.jpg#breadcrumb","itemListElement":[{"@type":"ListItem","position":1,"name":"Accueil","item":"https:\/\/www.iecd.org\/en\/accueil-fevrier-2022-b\/"},{"@type":"ListItem","position":2,"name":"Feedback on the &#8220;Green Talent&#8221; competition &#8211; Seeds of Hope program in Morocco","item":"https:\/\/www.iecd.org\/en\/concours-talents-verts-programme-graines-desperance-maroc\/"},{"@type":"ListItem","position":3,"name":"Marci Remise arbre fruitier Concours Talents Verts"}]},{"@type":"WebSite","@id":"https:\/\/www.iecd.org\/#website","url":"https:\/\/www.iecd.org\/","name":"iecd","description":"semeurs d&#039;avenir","potentialAction":[{"@type":"SearchAction","target":{"@type":"EntryPoint","urlTemplate":"https:\/\/www.iecd.org\/?s={search_term_string}"},"query-input":{"@type":"PropertyValueSpecification","valueRequired":true,"valueName":"search_term_string"}}],"inLanguage":"en-US"}]}},"description":{"rendered":"<p class=\"attachment\"><a href='https:\/\/www.iecd.org\/iecd2\/wp-content\/uploads\/2016\/11\/Marci-Remise-arbre-fruitier-Concours-Talents-Verts.jpg'><img loading=\"lazy\" decoding=\"async\" width=\"266\" height=\"400\" src=\"https:\/\/www.iecd.org\/iecd2\/wp-content\/uploads\/2016\/11\/Marci-Remise-arbre-fruitier-Concours-Talents-Verts-266x400.jpg\" class=\"attachment-medium size-medium\" alt=\"\" srcset=\"https:\/\/www.iecd.org\/iecd2\/wp-content\/uploads\/2016\/11\/Marci-Remise-arbre-fruitier-Concours-Talents-Verts-266x400.jpg 266w, https:\/\/www.iecd.org\/iecd2\/wp-content\/uploads\/2016\/11\/Marci-Remise-arbre-fruitier-Concours-Talents-Verts-797x1200.jpg 797w, https:\/\/www.iecd.org\/iecd2\/wp-content\/uploads\/2016\/11\/Marci-Remise-arbre-fruitier-Concours-Talents-Verts-768x1156.jpg 768w, https:\/\/www.iecd.org\/iecd2\/wp-content\/uploads\/2016\/11\/Marci-Remise-arbre-fruitier-Concours-Talents-Verts-1020x1536.jpg 1020w, https:\/\/www.iecd.org\/iecd2\/wp-content\/uploads\/2016\/11\/Marci-Remise-arbre-fruitier-Concours-Talents-Verts-1360x2048.jpg 1360w, https:\/\/www.iecd.org\/iecd2\/wp-content\/uploads\/2016\/11\/Marci-Remise-arbre-fruitier-Concours-Talents-Verts-996x1500.jpg 996w, https:\/\/www.iecd.org\/iecd2\/wp-content\/uploads\/2016\/11\/Marci-Remise-arbre-fruitier-Concours-Talents-Verts-468x705.jpg 468w, https:\/\/www.iecd.org\/iecd2\/wp-content\/uploads\/2016\/11\/Marci-Remise-arbre-fruitier-Concours-Talents-Verts.jpg 1700w\" sizes=\"auto, (max-width: 266px) 100vw, 266px\" \/><\/a><\/p>\n"},"caption":{"rendered":"<p>Finale du concours &#8220;Talents Verts&#8221; &#8211; Remise d&#8217;un arbre fruitier \u00e0 chaque \u00e9cole partenaires comme un symbole de travail, de nature et de durabilit\u00e9, trois piliers du concours<\/p>\n"},"alt_text":"","media_type":"image","mime_type":"image\/jpeg","media_details":{"width":1700,"height":2560,"file":"2016\/11\/Marci-Remise-arbre-fruitier-Concours-Talents-Verts.jpg","filesize":2275850,"sizes":{"medium":{"file":"Marci-Remise-arbre-fruitier-Concours-Talents-Verts-266x400.jpg","width":266,"height":400,"filesize":151137,"mime_type":"image\/jpeg","source_url":"https:\/\/www.iecd.org\/iecd2\/wp-content\/uploads\/2016\/11\/Marci-Remise-arbre-fruitier-Concours-Talents-Verts-266x400.jpg"},"large":{"file":"Marci-Remise-arbre-fruitier-Concours-Talents-Verts-797x1200.jpg","width":797,"height":1200,"filesize":658225,"mime_type":"image\/jpeg","source_url":"https:\/\/www.iecd.org\/iecd2\/wp-content\/uploads\/2016\/11\/Marci-Remise-arbre-fruitier-Concours-Talents-Verts-797x1200.jpg"},"thumbnail":{"file":"Marci-Remise-arbre-fruitier-Concours-Talents-Verts-80x80.jpg","width":80,"height":80,"filesize":71647,"mime_type":"image\/jpeg","source_url":"https:\/\/www.iecd.org\/iecd2\/wp-content\/uploads\/2016\/11\/Marci-Remise-arbre-fruitier-Concours-Talents-Verts-80x80.jpg"},"medium_large":{"file":"Marci-Remise-arbre-fruitier-Concours-Talents-Verts-768x1156.jpg","width":768,"height":1156,"filesize":621067,"mime_type":"image\/jpeg","source_url":"https:\/\/www.iecd.org\/iecd2\/wp-content\/uploads\/2016\/11\/Marci-Remise-arbre-fruitier-Concours-Talents-Verts-768x1156.jpg"},"1536x1536":{"file":"Marci-Remise-arbre-fruitier-Concours-Talents-Verts-1020x1536.jpg","width":1020,"height":1536,"filesize":979685,"mime_type":"image\/jpeg","source_url":"https:\/\/www.iecd.org\/iecd2\/wp-content\/uploads\/2016\/11\/Marci-Remise-arbre-fruitier-Concours-Talents-Verts-1020x1536.jpg"},"2048x2048":{"file":"Marci-Remise-arbre-fruitier-Concours-Talents-Verts-1360x2048.jpg","width":1360,"height":2048,"filesize":1571015,"mime_type":"image\/jpeg","source_url":"https:\/\/www.iecd.org\/iecd2\/wp-content\/uploads\/2016\/11\/Marci-Remise-arbre-fruitier-Concours-Talents-Verts-1360x2048.jpg"},"widget":{"file":"Marci-Remise-arbre-fruitier-Concours-Talents-Verts-36x36.jpg","width":36,"height":36,"filesize":66818,"mime_type":"image\/jpeg","source_url":"https:\/\/www.iecd.org\/iecd2\/wp-content\/uploads\/2016\/11\/Marci-Remise-arbre-fruitier-Concours-Talents-Verts-36x36.jpg"},"square":{"file":"Marci-Remise-arbre-fruitier-Concours-Talents-Verts-180x180.jpg","width":180,"height":180,"filesize":95974,"mime_type":"image\/jpeg","source_url":"https:\/\/www.iecd.org\/iecd2\/wp-content\/uploads\/2016\/11\/Marci-Remise-arbre-fruitier-Concours-Talents-Verts-180x180.jpg"},"featured":{"file":"Marci-Remise-arbre-fruitier-Concours-Talents-Verts-1500x430.jpg","width":1500,"height":430,"filesize":457263,"mime_type":"image\/jpeg","source_url":"https:\/\/www.iecd.org\/iecd2\/wp-content\/uploads\/2016\/11\/Marci-Remise-arbre-fruitier-Concours-Talents-Verts-1500x430.jpg"},"featured_large":{"file":"Marci-Remise-arbre-fruitier-Concours-Talents-Verts-1500x630.jpg","width":1500,"height":630,"filesize":642157,"mime_type":"image\/jpeg","source_url":"https:\/\/www.iecd.org\/iecd2\/wp-content\/uploads\/2016\/11\/Marci-Remise-arbre-fruitier-Concours-Talents-Verts-1500x630.jpg"},"extra_large":{"file":"Marci-Remise-arbre-fruitier-Concours-Talents-Verts-996x1500.jpg","width":996,"height":1500,"filesize":944725,"mime_type":"image\/jpeg","source_url":"https:\/\/www.iecd.org\/iecd2\/wp-content\/uploads\/2016\/11\/Marci-Remise-arbre-fruitier-Concours-Talents-Verts-996x1500.jpg"},"portfolio":{"file":"Marci-Remise-arbre-fruitier-Concours-Talents-Verts-495x400.jpg","width":495,"height":400,"filesize":217504,"mime_type":"image\/jpeg","source_url":"https:\/\/www.iecd.org\/iecd2\/wp-content\/uploads\/2016\/11\/Marci-Remise-arbre-fruitier-Concours-Talents-Verts-495x400.jpg"},"portfolio_small":{"file":"Marci-Remise-arbre-fruitier-Concours-Talents-Verts-260x185.jpg","width":260,"height":185,"filesize":109783,"mime_type":"image\/jpeg","source_url":"https:\/\/www.iecd.org\/iecd2\/wp-content\/uploads\/2016\/11\/Marci-Remise-arbre-fruitier-Concours-Talents-Verts-260x185.jpg"},"gallery":{"file":"Marci-Remise-arbre-fruitier-Concours-Talents-Verts-845x684.jpg","width":845,"height":684,"filesize":453822,"mime_type":"image\/jpeg","source_url":"https:\/\/www.iecd.org\/iecd2\/wp-content\/uploads\/2016\/11\/Marci-Remise-arbre-fruitier-Concours-Talents-Verts-845x684.jpg"},"magazine":{"file":"Marci-Remise-arbre-fruitier-Concours-Talents-Verts-710x375.jpg","width":710,"height":375,"filesize":260892,"mime_type":"image\/jpeg","source_url":"https:\/\/www.iecd.org\/iecd2\/wp-content\/uploads\/2016\/11\/Marci-Remise-arbre-fruitier-Concours-Talents-Verts-710x375.jpg"},"masonry":{"file":"Marci-Remise-arbre-fruitier-Concours-Talents-Verts-468x705.jpg","width":468,"height":705,"filesize":300073,"mime_type":"image\/jpeg","source_url":"https:\/\/www.iecd.org\/iecd2\/wp-content\/uploads\/2016\/11\/Marci-Remise-arbre-fruitier-Concours-Talents-Verts-468x705.jpg"},"entry_with_sidebar":{"file":"Marci-Remise-arbre-fruitier-Concours-Talents-Verts-845x321.jpg","width":845,"height":321,"filesize":258481,"mime_type":"image\/jpeg","source_url":"https:\/\/www.iecd.org\/iecd2\/wp-content\/uploads\/2016\/11\/Marci-Remise-arbre-fruitier-Concours-Talents-Verts-845x321.jpg"},"entry_without_sidebar":{"file":"Marci-Remise-arbre-fruitier-Concours-Talents-Verts-1210x423.jpg","width":1210,"height":423,"filesize":397489,"mime_type":"image\/jpeg","source_url":"https:\/\/www.iecd.org\/iecd2\/wp-content\/uploads\/2016\/11\/Marci-Remise-arbre-fruitier-Concours-Talents-Verts-1210x423.jpg"},"500x500":{"file":"Marci-Remise-arbre-fruitier-Concours-Talents-Verts-500x500.jpg","width":500,"height":500,"filesize":249827,"mime_type":"image\/jpeg","source_url":"https:\/\/www.iecd.org\/iecd2\/wp-content\/uploads\/2016\/11\/Marci-Remise-arbre-fruitier-Concours-Talents-Verts-500x500.jpg"},"300x300":{"file":"Marci-Remise-arbre-fruitier-Concours-Talents-Verts-300x300.jpg","width":300,"height":300,"filesize":139996,"mime_type":"image\/jpeg","source_url":"https:\/\/www.iecd.org\/iecd2\/wp-content\/uploads\/2016\/11\/Marci-Remise-arbre-fruitier-Concours-Talents-Verts-300x300.jpg"},"full":{"file":"Marci-Remise-arbre-fruitier-Concours-Talents-Verts.jpg","width":1700,"height":2560,"mime_type":"image\/jpeg","source_url":"https:\/\/www.iecd.org\/iecd2\/wp-content\/uploads\/2016\/11\/Marci-Remise-arbre-fruitier-Concours-Talents-Verts.jpg"}},"image_meta":{"aperture":"3.5","credit":"","camera":"NIKON D90","caption":"","created_timestamp":"1402128022","copyright":"","focal_length":"18","iso":"560","shutter_speed":"0.008","title":"","orientation":"1","keywords":[]},"original_image":"Marci-Remise-arbre-fruitier-Concours-Talents-Verts.jpg"},"post":3690,"source_url":"https:\/\/www.iecd.org\/iecd2\/wp-content\/uploads\/2016\/11\/Marci-Remise-arbre-fruitier-Concours-Talents-Verts.jpg","_links":{"self":[{"href":"https:\/\/www.iecd.org\/en\/wp-json\/wp\/v2\/media\/18806","targetHints":{"allow":["GET"]}}],"collection":[{"href":"https:\/\/www.iecd.org\/en\/wp-json\/wp\/v2\/media"}],"about":[{"href":"https:\/\/www.iecd.org\/en\/wp-json\/wp\/v2\/types\/attachment"}],"author":[{"embeddable":true,"href":"https:\/\/www.iecd.org\/en\/wp-json\/wp\/v2\/users\/4"}],"replies":[{"embeddable":true,"href":"https:\/\/www.iecd.org\/en\/wp-json\/wp\/v2\/comments?post=18806"}],"wp:attached-to":[{"embeddable":true,"post_type":"post","id":3690,"href":"https:\/\/www.iecd.org\/en\/wp-json\/wp\/v2\/posts\/3690"}],"curies":[{"name":"wp","href":"https:\/\/api.w.org\/{rel}","templated":true}]}}