{"id":18616,"date":"2020-01-10T11:10:00","date_gmt":"2020-01-10T10:10:00","guid":{"rendered":"https:\/\/www.iecd.org\/iecd2\/wp-content\/uploads\/2020\/01\/dsc_9884.jpg"},"modified":"2020-01-10T11:20:22","modified_gmt":"2020-01-10T10:20:22","slug":"dsc_9884-2","status":"inherit","type":"attachment","link":"https:\/\/www.iecd.org\/en\/mednc_conference2019\/dsc_9884-2\/","title":{"rendered":"dsc_9884"},"author":4,"featured_media":0,"comment_status":"closed","ping_status":"closed","template":"","meta":[],"class_list":["post-18616","attachment","type-attachment","status-inherit","hentry"],"yoast_head":"<!-- This site is optimized with the Yoast SEO plugin v27.5 - https:\/\/yoast.com\/product\/yoast-seo-wordpress\/ -->\n<title>dsc_9884 - iecd<\/title>\n<meta name=\"robots\" content=\"index, follow, max-snippet:-1, max-image-preview:large, max-video-preview:-1\" \/>\n<link rel=\"canonical\" href=\"https:\/\/www.iecd.org\/iecd2\/wp-content\/uploads\/2020\/01\/dsc_9884.jpg\" \/>\n<meta property=\"og:locale\" content=\"en_US\" \/>\n<meta property=\"og:type\" content=\"article\" \/>\n<meta property=\"og:title\" content=\"dsc_9884 - iecd\" \/>\n<meta property=\"og:description\" content=\"En marge de la conf\u00e9rence, une convention tripartite entre l\u2019IECD, l\u2019Union pour la M\u00e9diterran\u00e9e et WonderPick Limited a \u00e9t\u00e9 sign\u00e9e : l en r\u00e9sultera en juillet 2021, la tenue \u00e0 Barcelone d\u2019une exposition de photographies qui mettra la M\u00e9diterran\u00e9e \u00e0 l\u2019honneur et dont la moiti\u00e9 des b\u00e9n\u00e9fices de la vente sera revers\u00e9e au r\u00e9seau MedNC.\" \/>\n<meta property=\"og:url\" content=\"https:\/\/www.iecd.org\/iecd2\/wp-content\/uploads\/2020\/01\/dsc_9884.jpg\" \/>\n<meta property=\"og:site_name\" content=\"iecd\" \/>\n<meta property=\"article:modified_time\" content=\"2020-01-10T10:20:22+00:00\" \/>\n<meta property=\"og:image\" content=\"https:\/\/www.iecd.org\/iecd2\/wp-content\/uploads\/2020\/01\/dsc_9884.jpg\" \/>\n\t<meta property=\"og:image:width\" content=\"5887\" \/>\n\t<meta property=\"og:image:height\" content=\"3930\" \/>\n\t<meta property=\"og:image:type\" content=\"image\/jpeg\" \/>\n<meta name=\"twitter:card\" content=\"summary_large_image\" \/>\n<script type=\"application\/ld+json\" class=\"yoast-schema-graph\">{\"@context\":\"https:\\\/\\\/schema.org\",\"@graph\":[{\"@type\":\"WebPage\",\"@id\":\"https:\\\/\\\/www.iecd.org\\\/iecd2\\\/wp-content\\\/uploads\\\/2020\\\/01\\\/dsc_9884.jpg\",\"url\":\"https:\\\/\\\/www.iecd.org\\\/iecd2\\\/wp-content\\\/uploads\\\/2020\\\/01\\\/dsc_9884.jpg\",\"name\":\"dsc_9884 - iecd\",\"isPartOf\":{\"@id\":\"https:\\\/\\\/www.iecd.org\\\/#website\"},\"datePublished\":\"2020-01-10T10:10:00+00:00\",\"dateModified\":\"2020-01-10T10:20:22+00:00\",\"breadcrumb\":{\"@id\":\"https:\\\/\\\/www.iecd.org\\\/iecd2\\\/wp-content\\\/uploads\\\/2020\\\/01\\\/dsc_9884.jpg#breadcrumb\"},\"inLanguage\":\"en-US\",\"potentialAction\":[{\"@type\":\"ReadAction\",\"target\":[\"https:\\\/\\\/www.iecd.org\\\/iecd2\\\/wp-content\\\/uploads\\\/2020\\\/01\\\/dsc_9884.jpg\"]}]},{\"@type\":\"BreadcrumbList\",\"@id\":\"https:\\\/\\\/www.iecd.org\\\/iecd2\\\/wp-content\\\/uploads\\\/2020\\\/01\\\/dsc_9884.jpg#breadcrumb\",\"itemListElement\":[{\"@type\":\"ListItem\",\"position\":1,\"name\":\"Accueil\",\"item\":\"https:\\\/\\\/www.iecd.org\\\/en\\\/accueil-fevrier-2022-b\\\/\"},{\"@type\":\"ListItem\",\"position\":2,\"name\":\"New prospects for young Mediterranean experiencing difficulty with professional integration\",\"item\":\"https:\\\/\\\/www.iecd.org\\\/en\\\/mednc_conference2019\\\/\"},{\"@type\":\"ListItem\",\"position\":3,\"name\":\"dsc_9884\"}]},{\"@type\":\"WebSite\",\"@id\":\"https:\\\/\\\/www.iecd.org\\\/#website\",\"url\":\"https:\\\/\\\/www.iecd.org\\\/\",\"name\":\"iecd\",\"description\":\"semeurs d&#039;avenir\",\"potentialAction\":[{\"@type\":\"SearchAction\",\"target\":{\"@type\":\"EntryPoint\",\"urlTemplate\":\"https:\\\/\\\/www.iecd.org\\\/?s={search_term_string}\"},\"query-input\":{\"@type\":\"PropertyValueSpecification\",\"valueRequired\":true,\"valueName\":\"search_term_string\"}}],\"inLanguage\":\"en-US\"}]}<\/script>\n<!-- \/ Yoast SEO plugin. -->","yoast_head_json":{"title":"dsc_9884 - iecd","robots":{"index":"index","follow":"follow","max-snippet":"max-snippet:-1","max-image-preview":"max-image-preview:large","max-video-preview":"max-video-preview:-1"},"canonical":"https:\/\/www.iecd.org\/iecd2\/wp-content\/uploads\/2020\/01\/dsc_9884.jpg","og_locale":"en_US","og_type":"article","og_title":"dsc_9884 - iecd","og_description":"En marge de la conf\u00e9rence, une convention tripartite entre l\u2019IECD, l\u2019Union pour la M\u00e9diterran\u00e9e et WonderPick Limited a \u00e9t\u00e9 sign\u00e9e : l en r\u00e9sultera en juillet 2021, la tenue \u00e0 Barcelone d\u2019une exposition de photographies qui mettra la M\u00e9diterran\u00e9e \u00e0 l\u2019honneur et dont la moiti\u00e9 des b\u00e9n\u00e9fices de la vente sera revers\u00e9e au r\u00e9seau MedNC.","og_url":"https:\/\/www.iecd.org\/iecd2\/wp-content\/uploads\/2020\/01\/dsc_9884.jpg","og_site_name":"iecd","article_modified_time":"2020-01-10T10:20:22+00:00","og_image":[{"width":5887,"height":3930,"url":"https:\/\/www.iecd.org\/iecd2\/wp-content\/uploads\/2020\/01\/dsc_9884.jpg","type":"image\/jpeg"}],"twitter_card":"summary_large_image","schema":{"@context":"https:\/\/schema.org","@graph":[{"@type":"WebPage","@id":"https:\/\/www.iecd.org\/iecd2\/wp-content\/uploads\/2020\/01\/dsc_9884.jpg","url":"https:\/\/www.iecd.org\/iecd2\/wp-content\/uploads\/2020\/01\/dsc_9884.jpg","name":"dsc_9884 - iecd","isPartOf":{"@id":"https:\/\/www.iecd.org\/#website"},"datePublished":"2020-01-10T10:10:00+00:00","dateModified":"2020-01-10T10:20:22+00:00","breadcrumb":{"@id":"https:\/\/www.iecd.org\/iecd2\/wp-content\/uploads\/2020\/01\/dsc_9884.jpg#breadcrumb"},"inLanguage":"en-US","potentialAction":[{"@type":"ReadAction","target":["https:\/\/www.iecd.org\/iecd2\/wp-content\/uploads\/2020\/01\/dsc_9884.jpg"]}]},{"@type":"BreadcrumbList","@id":"https:\/\/www.iecd.org\/iecd2\/wp-content\/uploads\/2020\/01\/dsc_9884.jpg#breadcrumb","itemListElement":[{"@type":"ListItem","position":1,"name":"Accueil","item":"https:\/\/www.iecd.org\/en\/accueil-fevrier-2022-b\/"},{"@type":"ListItem","position":2,"name":"New prospects for young Mediterranean experiencing difficulty with professional integration","item":"https:\/\/www.iecd.org\/en\/mednc_conference2019\/"},{"@type":"ListItem","position":3,"name":"dsc_9884"}]},{"@type":"WebSite","@id":"https:\/\/www.iecd.org\/#website","url":"https:\/\/www.iecd.org\/","name":"iecd","description":"semeurs d&#039;avenir","potentialAction":[{"@type":"SearchAction","target":{"@type":"EntryPoint","urlTemplate":"https:\/\/www.iecd.org\/?s={search_term_string}"},"query-input":{"@type":"PropertyValueSpecification","valueRequired":true,"valueName":"search_term_string"}}],"inLanguage":"en-US"}]}},"description":{"rendered":"<p class=\"attachment\"><a href='https:\/\/www.iecd.org\/iecd2\/wp-content\/uploads\/2020\/01\/dsc_9884.jpg'><img loading=\"lazy\" decoding=\"async\" width=\"600\" height=\"400\" src=\"https:\/\/www.iecd.org\/iecd2\/wp-content\/uploads\/2020\/01\/dsc_9884-600x400.jpg\" class=\"attachment-medium size-medium\" alt=\"Les Apprentis d\u2019Auteuil rejoignent le r\u00e9seau\" srcset=\"https:\/\/www.iecd.org\/iecd2\/wp-content\/uploads\/2020\/01\/dsc_9884-600x400.jpg 600w, https:\/\/www.iecd.org\/iecd2\/wp-content\/uploads\/2020\/01\/dsc_9884-1200x801.jpg 1200w, https:\/\/www.iecd.org\/iecd2\/wp-content\/uploads\/2020\/01\/dsc_9884-768x513.jpg 768w, https:\/\/www.iecd.org\/iecd2\/wp-content\/uploads\/2020\/01\/dsc_9884-1536x1025.jpg 1536w, https:\/\/www.iecd.org\/iecd2\/wp-content\/uploads\/2020\/01\/dsc_9884-2048x1367.jpg 2048w, https:\/\/www.iecd.org\/iecd2\/wp-content\/uploads\/2020\/01\/dsc_9884-1500x1001.jpg 1500w, https:\/\/www.iecd.org\/iecd2\/wp-content\/uploads\/2020\/01\/dsc_9884-705x471.jpg 705w\" sizes=\"auto, (max-width: 600px) 100vw, 600px\" \/><\/a><\/p>\n"},"caption":{"rendered":"<p>En marge de la conf\u00e9rence, une convention tripartite entre l\u2019IECD, l\u2019Union pour la M\u00e9diterran\u00e9e et WonderPick Limited a \u00e9t\u00e9 sign\u00e9e : l en r\u00e9sultera en juillet 2021, la tenue \u00e0 Barcelone d\u2019une exposition de photographies qui mettra la M\u00e9diterran\u00e9e \u00e0 l\u2019honneur et dont la moiti\u00e9 des b\u00e9n\u00e9fices de la vente sera revers\u00e9e au r\u00e9seau MedNC. <\/p>\n"},"alt_text":"Les Apprentis d\u2019Auteuil rejoignent le r\u00e9seau ","media_type":"image","mime_type":"image\/jpeg","media_details":{"width":2560,"height":1709,"file":"2020\/01\/dsc_9884.jpg","filesize":2413545,"sizes":{"medium":{"file":"dsc_9884-600x400.jpg","width":600,"height":400,"filesize":170112,"mime_type":"image\/jpeg","source_url":"https:\/\/www.iecd.org\/iecd2\/wp-content\/uploads\/2020\/01\/dsc_9884-600x400.jpg"},"large":{"file":"dsc_9884-1200x801.jpg","width":1200,"height":801,"filesize":575298,"mime_type":"image\/jpeg","source_url":"https:\/\/www.iecd.org\/iecd2\/wp-content\/uploads\/2020\/01\/dsc_9884-1200x801.jpg"},"thumbnail":{"file":"dsc_9884-80x80.jpg","width":80,"height":80,"filesize":21653,"mime_type":"image\/jpeg","source_url":"https:\/\/www.iecd.org\/iecd2\/wp-content\/uploads\/2020\/01\/dsc_9884-80x80.jpg"},"medium_large":{"file":"dsc_9884-768x513.jpg","width":768,"height":513,"filesize":260613,"mime_type":"image\/jpeg","source_url":"https:\/\/www.iecd.org\/iecd2\/wp-content\/uploads\/2020\/01\/dsc_9884-768x513.jpg"},"1536x1536":{"file":"dsc_9884-1536x1025.jpg","width":1536,"height":1025,"filesize":913998,"mime_type":"image\/jpeg","source_url":"https:\/\/www.iecd.org\/iecd2\/wp-content\/uploads\/2020\/01\/dsc_9884-1536x1025.jpg"},"2048x2048":{"file":"dsc_9884-2048x1367.jpg","width":2048,"height":1367,"filesize":1578934,"mime_type":"image\/jpeg","source_url":"https:\/\/www.iecd.org\/iecd2\/wp-content\/uploads\/2020\/01\/dsc_9884-2048x1367.jpg"},"widget":{"file":"dsc_9884-36x36.jpg","width":36,"height":36,"filesize":17186,"mime_type":"image\/jpeg","source_url":"https:\/\/www.iecd.org\/iecd2\/wp-content\/uploads\/2020\/01\/dsc_9884-36x36.jpg"},"square":{"file":"dsc_9884-180x180.jpg","width":180,"height":180,"filesize":43735,"mime_type":"image\/jpeg","source_url":"https:\/\/www.iecd.org\/iecd2\/wp-content\/uploads\/2020\/01\/dsc_9884-180x180.jpg"},"featured":{"file":"dsc_9884-1500x430.jpg","width":1500,"height":430,"filesize":401706,"mime_type":"image\/jpeg","source_url":"https:\/\/www.iecd.org\/iecd2\/wp-content\/uploads\/2020\/01\/dsc_9884-1500x430.jpg"},"featured_large":{"file":"dsc_9884-1500x630.jpg","width":1500,"height":630,"filesize":562409,"mime_type":"image\/jpeg","source_url":"https:\/\/www.iecd.org\/iecd2\/wp-content\/uploads\/2020\/01\/dsc_9884-1500x630.jpg"},"extra_large":{"file":"dsc_9884-1500x1001.jpg","width":1500,"height":1001,"filesize":873884,"mime_type":"image\/jpeg","source_url":"https:\/\/www.iecd.org\/iecd2\/wp-content\/uploads\/2020\/01\/dsc_9884-1500x1001.jpg"},"portfolio":{"file":"dsc_9884-495x400.jpg","width":495,"height":400,"filesize":147090,"mime_type":"image\/jpeg","source_url":"https:\/\/www.iecd.org\/iecd2\/wp-content\/uploads\/2020\/01\/dsc_9884-495x400.jpg"},"portfolio_small":{"file":"dsc_9884-260x185.jpg","width":260,"height":185,"filesize":54135,"mime_type":"image\/jpeg","source_url":"https:\/\/www.iecd.org\/iecd2\/wp-content\/uploads\/2020\/01\/dsc_9884-260x185.jpg"},"gallery":{"file":"dsc_9884-845x684.jpg","width":845,"height":684,"filesize":371625,"mime_type":"image\/jpeg","source_url":"https:\/\/www.iecd.org\/iecd2\/wp-content\/uploads\/2020\/01\/dsc_9884-845x684.jpg"},"magazine":{"file":"dsc_9884-710x375.jpg","width":710,"height":375,"filesize":190034,"mime_type":"image\/jpeg","source_url":"https:\/\/www.iecd.org\/iecd2\/wp-content\/uploads\/2020\/01\/dsc_9884-710x375.jpg"},"masonry":{"file":"dsc_9884-705x471.jpg","width":705,"height":471,"filesize":225838,"mime_type":"image\/jpeg","source_url":"https:\/\/www.iecd.org\/iecd2\/wp-content\/uploads\/2020\/01\/dsc_9884-705x471.jpg"},"entry_with_sidebar":{"file":"dsc_9884-845x321.jpg","width":845,"height":321,"filesize":189851,"mime_type":"image\/jpeg","source_url":"https:\/\/www.iecd.org\/iecd2\/wp-content\/uploads\/2020\/01\/dsc_9884-845x321.jpg"},"entry_without_sidebar":{"file":"dsc_9884-1210x423.jpg","width":1210,"height":423,"filesize":323485,"mime_type":"image\/jpeg","source_url":"https:\/\/www.iecd.org\/iecd2\/wp-content\/uploads\/2020\/01\/dsc_9884-1210x423.jpg"},"500x500":{"file":"dsc_9884-500x500.jpg","width":500,"height":500,"filesize":184315,"mime_type":"image\/jpeg","source_url":"https:\/\/www.iecd.org\/iecd2\/wp-content\/uploads\/2020\/01\/dsc_9884-500x500.jpg"},"300x300":{"file":"dsc_9884-300x300.jpg","width":300,"height":300,"filesize":83080,"mime_type":"image\/jpeg","source_url":"https:\/\/www.iecd.org\/iecd2\/wp-content\/uploads\/2020\/01\/dsc_9884-300x300.jpg"},"full":{"file":"dsc_9884.jpg","width":2560,"height":1709,"mime_type":"image\/jpeg","source_url":"https:\/\/www.iecd.org\/iecd2\/wp-content\/uploads\/2020\/01\/dsc_9884.jpg"}},"image_meta":{"aperture":"4","credit":"","camera":"NIKON D750","caption":"","created_timestamp":"1574853580","copyright":"","focal_length":"46","iso":"1600","shutter_speed":"0.008","title":"","orientation":"0","keywords":[]},"original_image":"dsc_9884.jpg"},"post":18691,"source_url":"https:\/\/www.iecd.org\/iecd2\/wp-content\/uploads\/2020\/01\/dsc_9884.jpg","_links":{"self":[{"href":"https:\/\/www.iecd.org\/en\/wp-json\/wp\/v2\/media\/18616","targetHints":{"allow":["GET"]}}],"collection":[{"href":"https:\/\/www.iecd.org\/en\/wp-json\/wp\/v2\/media"}],"about":[{"href":"https:\/\/www.iecd.org\/en\/wp-json\/wp\/v2\/types\/attachment"}],"author":[{"embeddable":true,"href":"https:\/\/www.iecd.org\/en\/wp-json\/wp\/v2\/users\/4"}],"replies":[{"embeddable":true,"href":"https:\/\/www.iecd.org\/en\/wp-json\/wp\/v2\/comments?post=18616"}],"wp:attached-to":[{"embeddable":true,"post_type":"post","id":18691,"href":"https:\/\/www.iecd.org\/en\/wp-json\/wp\/v2\/posts\/18691"}],"curies":[{"name":"wp","href":"https:\/\/api.w.org\/{rel}","templated":true}]}}