{"version":"1.0","provider_name":"iecd","provider_url":"https:\/\/www.iecd.org\/en\/","author_name":"Florence Dominique","author_url":"https:\/\/www.iecd.org\/en\/author\/florence\/","title":"CAMEROUN -Dizangu\u00e9 voit la premi\u00e8re promotion2017-Juillet - La Nouvelle Expression - iecd","type":"rich","width":600,"height":338,"html":"<blockquote class=\"wp-embedded-content\" data-secret=\"tbNlIzgi6c\"><a href=\"https:\/\/www.iecd.org\/en\/nous-connaitre\/presse\/efa-dizangue-publi-nvle-expression-p-001\/\">CAMEROUN -Dizangu\u00e9 voit la premi\u00e8re promotion<br><i class=\"stpresse\">2017-Juillet &#8211; La Nouvelle Expression<\/i><\/a><\/blockquote><iframe sandbox=\"allow-scripts\" security=\"restricted\" src=\"https:\/\/www.iecd.org\/en\/nous-connaitre\/presse\/efa-dizangue-publi-nvle-expression-p-001\/embed\/#?secret=tbNlIzgi6c\" width=\"600\" height=\"338\" title=\"&#8220;CAMEROUN -Dizangu\u00e9 voit la premi\u00e8re promotion&lt;br&gt;&lt;i class=&quot;stpresse&quot;&gt;2017-Juillet &#8211; La Nouvelle Expression&lt;\/i&gt;&#8221; &#8212; iecd\" data-secret=\"tbNlIzgi6c\" frameborder=\"0\" marginwidth=\"0\" marginheight=\"0\" scrolling=\"no\" class=\"wp-embedded-content\"><\/iframe><script type=\"text\/javascript\">\n\/* <![CDATA[ *\/\n\/*! This file is auto-generated *\/\n!function(d,l){\"use strict\";l.querySelector&&d.addEventListener&&\"undefined\"!=typeof URL&&(d.wp=d.wp||{},d.wp.receiveEmbedMessage||(d.wp.receiveEmbedMessage=function(e){var t=e.data;if((t||t.secret||t.message||t.value)&&!\/[^a-zA-Z0-9]\/.test(t.secret)){for(var s,r,n,a=l.querySelectorAll('iframe[data-secret=\"'+t.secret+'\"]'),o=l.querySelectorAll('blockquote[data-secret=\"'+t.secret+'\"]'),c=new RegExp(\"^https?:$\",\"i\"),i=0;i<o.length;i++)o[i].style.display=\"none\";for(i=0;i<a.length;i++)s=a[i],e.source===s.contentWindow&&(s.removeAttribute(\"style\"),\"height\"===t.message?(1e3<(r=parseInt(t.value,10))?r=1e3:~~r<200&&(r=200),s.height=r):\"link\"===t.message&&(r=new URL(s.getAttribute(\"src\")),n=new URL(t.value),c.test(n.protocol))&&n.host===r.host&&l.activeElement===s&&(d.top.location.href=t.value))}},d.addEventListener(\"message\",d.wp.receiveEmbedMessage,!1),l.addEventListener(\"DOMContentLoaded\",function(){for(var e,t,s=l.querySelectorAll(\"iframe.wp-embedded-content\"),r=0;r<s.length;r++)(t=(e=s[r]).getAttribute(\"data-secret\"))||(t=Math.random().toString(36).substring(2,12),e.src+=\"#?secret=\"+t,e.setAttribute(\"data-secret\",t)),e.contentWindow.postMessage({message:\"ready\",secret:t},\"*\")},!1)))}(window,document);\n\/\/# sourceURL=https:\/\/www.iecd.org\/iecd2\/wp-includes\/js\/wp-embed.min.js\n\/* ]]> *\/\n<\/script>\n","thumbnail_url":"https:\/\/www.iecd.org\/iecd2\/wp-content\/uploads\/2015\/12\/EFA-DIZANGUE-PUBLI-NVLE-EXPRESSION-p-001-1030x728.jpg","thumbnail_width":1030,"thumbnail_height":728,"description":"Cameroun - EFA de Dizangu\u00e9, sortie de la premi\u00e8re cuv\u00e9e des \u00e9l\u00e8ves"}